{"id":206,"date":"2020-03-23T11:38:19","date_gmt":"2020-03-23T11:38:19","guid":{"rendered":"https:\/\/demosites.io\/charity-gb\/?page_id=206"},"modified":"2021-05-21T00:51:53","modified_gmt":"2021-05-21T00:51:53","slug":"05700-home","status":"publish","type":"page","link":"https:\/\/cdoc.serpaj.org.ar\/cdoc\/","title":{"rendered":"Home"},"content":{"rendered":"\n<div class=\"wp-block-themeisle-blocks-advanced-columns alignfull has-2-columns has-desktop-oneTwo-layout has-tablet-twoOne-layout has-mobile-collapsedRows-layout has-default-gap has-vertical-unset\" id=\"wp-block-themeisle-blocks-advanced-columns-d1a2890b\"><div class=\"wp-block-themeisle-blocks-advanced-columns-overlay\"><\/div><div class=\"innerblocks-wrap\">\n<div class=\"wp-block-themeisle-blocks-advanced-column\" id=\"wp-block-themeisle-blocks-advanced-column-2b0301d6\">\n<h4 class=\"has-white-color has-text-color wp-block-heading\">Servicio Paz y Justicia<\/h4>\n\n\n\n<h1 id=\"wp-block-themeisle-blocks-advanced-heading-56389a76\" class=\"wp-block-themeisle-blocks-advanced-heading wp-block-themeisle-blocks-advanced-heading-56389a76\">CENTRO DE DOCUMENTACI\u00d3N SERPAJ<\/h1>\n\n\n\n<div style=\"height:30px\" aria-hidden=\"true\" class=\"wp-block-spacer\"><\/div>\n\n\n\n<p class=\"has-white-color has-text-color has-medium-font-size\">Atenci\u00f3n al p\u00fablico: Debido a las circunstancias que son de p\u00fablico conocimiento, la atenci\u00f3n ser\u00e1, hasta nuevo aviso, s\u00f3lo a trav\u00e9s de correo electr\u00f3nico: cdoc@serpaj.org.ar<\/p>\n<\/div>\n\n\n\n<div class=\"wp-block-themeisle-blocks-advanced-column\" id=\"wp-block-themeisle-blocks-advanced-column-28cc69cc\"><\/div>\n<\/div><\/div>\n\n\n\n<div class=\"wp-block-themeisle-blocks-advanced-columns alignfull has-1-columns has-desktop-equal-layout has-tablet-equal-layout has-mobile-equal-layout has-default-gap has-vertical-unset\" id=\"wp-block-themeisle-blocks-advanced-columns-65b5735d\"><div class=\"wp-block-themeisle-blocks-advanced-columns-overlay\"><\/div><div class=\"innerblocks-wrap\">\n<div class=\"wp-block-themeisle-blocks-advanced-column\" id=\"wp-block-themeisle-blocks-advanced-column-d3e23180\">\n<h4 class=\"has-text-align-center has-neve-text-color-color has-text-color wp-block-heading\"> <strong>NOSOTROS<\/strong><\/h4>\n\n\n\n<div style=\"height:20px\" aria-hidden=\"true\" class=\"wp-block-spacer\"><\/div>\n\n\n\n<h2 id=\"wp-block-themeisle-blocks-advanced-heading-03038ace\" class=\"wp-block-themeisle-blocks-advanced-heading wp-block-themeisle-blocks-advanced-heading-03038ace\">CEDOC<\/h2>\n<\/div>\n<\/div><\/div>\n\n\n\n<div class=\"wp-block-themeisle-blocks-advanced-columns alignfull has-3-columns has-desktop-equal-layout has-tablet-equal-layout has-mobile-collapsedRows-layout has-default-gap has-vertical-unset\" id=\"wp-block-themeisle-blocks-advanced-columns-7e1bde9a\"><div class=\"wp-block-themeisle-blocks-advanced-columns-overlay\"><\/div><div class=\"innerblocks-wrap\">\n<div class=\"wp-block-themeisle-blocks-advanced-column\" id=\"wp-block-themeisle-blocks-advanced-column-57e21631\">\n<div class=\"wp-block-themeisle-blocks-service\">\n<p class=\"wp-block-themeisle-blocks-font-awesome-icons\" id=\"wp-block-themeisle-blocks-font-awesome-icons-caf5b946\"><span class=\"wp-block-themeisle-blocks-font-awesome-icons-container\"><i class=\"fas fa-scroll\"><\/i><\/span><\/p>\n\n\n\n<h4 id=\"wp-block-themeisle-blocks-advanced-heading-823235bc\" class=\"wp-block-themeisle-blocks-advanced-heading wp-block-themeisle-blocks-advanced-heading-823235bc\">NOSOTROS<\/h4>\n\n\n\n<p id=\"wp-block-themeisle-blocks-advanced-heading-c83362ae\" class=\"wp-block-themeisle-blocks-advanced-heading wp-block-themeisle-blocks-advanced-heading-c83362ae\">Realiza un aporte documental especializado en Derechos Humanos desde una concepci\u00f3n integral de los derechos individuales y colectivos y derechos de los pueblos, fue creado en la d\u00e9cada del 70.<\/p>\n<\/div>\n<\/div>\n\n\n\n<div class=\"wp-block-themeisle-blocks-advanced-column\" id=\"wp-block-themeisle-blocks-advanced-column-4a5701c8\">\n<p class=\"wp-block-themeisle-blocks-font-awesome-icons\" id=\"wp-block-themeisle-blocks-font-awesome-icons-354e82a8\"><span class=\"wp-block-themeisle-blocks-font-awesome-icons-container\"><i class=\"far fa-copy\"><\/i><\/span><\/p>\n\n\n\n<h4 id=\"wp-block-themeisle-blocks-advanced-heading-2dc28dd2\" class=\"wp-block-themeisle-blocks-advanced-heading wp-block-themeisle-blocks-advanced-heading-2dc28dd2\">SERVICIOS<\/h4>\n\n\n\n<p id=\"wp-block-themeisle-blocks-advanced-heading-f049cc6f\" class=\"wp-block-themeisle-blocks-advanced-heading wp-block-themeisle-blocks-advanced-heading-f049cc6f\"> Contamos con un servicio de consultas especializadas y con sala de lectura en nuestra sede. Se pueden realizar consultas a trav\u00e9s de nuestros correos electr\u00f3nicos o ver nuestros documentos en l\u00ednea.<\/p>\n<\/div>\n\n\n\n<div class=\"wp-block-themeisle-blocks-advanced-column\" id=\"wp-block-themeisle-blocks-advanced-column-ad18b658\">\n<p class=\"wp-block-themeisle-blocks-font-awesome-icons\" id=\"wp-block-themeisle-blocks-font-awesome-icons-f8e762b6\"><span class=\"wp-block-themeisle-blocks-font-awesome-icons-container\"><i class=\"fas fa-award\"><\/i><\/span><\/p>\n\n\n\n<h4 id=\"wp-block-themeisle-blocks-advanced-heading-b1ad1f8e\" class=\"wp-block-themeisle-blocks-advanced-heading wp-block-themeisle-blocks-advanced-heading-b1ad1f8e\">UNESCO<\/h4>\n\n\n\n<p id=\"wp-block-themeisle-blocks-advanced-heading-3bd2107e\" class=\"wp-block-themeisle-blocks-advanced-heading wp-block-themeisle-blocks-advanced-heading-3bd2107e\">En el a\u00f1o 2007 el Centro de Documentaci\u00f3n Serpaj fue declarado Memoria del Mundo por la UNESCO.<\/p>\n<\/div>\n<\/div><\/div>\n\n\n\n<h2 class=\"has-nv-dark-bg-color has-text-color wp-block-heading\" style=\"font-size:45px\"><strong>REVISTAS SERPAJ<\/strong><\/h2>\n\n\n\n<div class=\"wp-block-columns is-layout-flex wp-container-core-columns-is-layout-9d6595d7 wp-block-columns-is-layout-flex\">\n<div class=\"wp-block-column is-layout-flow wp-block-column-is-layout-flow\">\n<div class=\"wp-block-image\"><figure class=\"aligncenter size-large is-resized\"><img loading=\"lazy\" decoding=\"async\" src=\"https:\/\/cdoc.serpaj.org.ar\/cdoc\/wp-content\/uploads\/2021\/04\/revista1.jpg\" alt=\"\" class=\"wp-image-546\" width=\"225\" height=\"286\" srcset=\"https:\/\/cdoc.serpaj.org.ar\/cdoc\/wp-content\/uploads\/2021\/04\/revista1.jpg 469w, https:\/\/cdoc.serpaj.org.ar\/cdoc\/wp-content\/uploads\/2021\/04\/revista1-236x300.jpg 236w\" sizes=\"auto, (max-width: 225px) 100vw, 225px\" \/><figcaption><strong><a href=\"https:\/\/serpaj.org.ar\/wp-content\/uploads\/2021\/04\/REVISTA-OFICIAL-DE-SERPAJ-AL.pdf\" target=\"_blank\" rel=\"noreferrer noopener\">Revista SERPAJ Latinoam\u00e9rica<br>(No. 001 Abril-Junio 2021)<\/a><\/strong><\/figcaption><\/figure><\/div>\n<\/div>\n\n\n\n<div class=\"wp-block-column is-layout-flow wp-block-column-is-layout-flow\">\n<div class=\"wp-block-image\"><figure class=\"aligncenter size-large is-resized\"><img loading=\"lazy\" decoding=\"async\" src=\"https:\/\/cdoc.serpaj.org.ar\/cdoc\/wp-content\/uploads\/2021\/03\/revista2.png\" alt=\"\" class=\"wp-image-368\" width=\"204\" height=\"287\" srcset=\"https:\/\/cdoc.serpaj.org.ar\/cdoc\/wp-content\/uploads\/2021\/03\/revista2.png 383w, https:\/\/cdoc.serpaj.org.ar\/cdoc\/wp-content\/uploads\/2021\/03\/revista2-213x300.png 213w\" sizes=\"auto, (max-width: 204px) 100vw, 204px\" \/><figcaption><strong><strong><a href=\"https:\/\/cdoc.serpaj.org.ar\/cdoc\/?page_id=360\" data-type=\"URL\" data-id=\"https:\/\/cdoc.serpaj.org.ar\/cdoc\/?page_id=360\">Revistas Paz y Justicia Argentina<br>(1989-1998)<\/a><\/strong><\/strong><\/figcaption><\/figure><\/div>\n<\/div>\n\n\n\n<div class=\"wp-block-column is-layout-flow wp-block-column-is-layout-flow\">\n<div class=\"wp-block-image\"><figure class=\"aligncenter size-large is-resized\"><img loading=\"lazy\" decoding=\"async\" src=\"https:\/\/cdoc.serpaj.org.ar\/cdoc\/wp-content\/uploads\/2021\/03\/revista1.png\" alt=\"\" class=\"wp-image-367\" width=\"211\" height=\"288\" srcset=\"https:\/\/cdoc.serpaj.org.ar\/cdoc\/wp-content\/uploads\/2021\/03\/revista1.png 400w, https:\/\/cdoc.serpaj.org.ar\/cdoc\/wp-content\/uploads\/2021\/03\/revista1-220x300.png 220w\" sizes=\"auto, (max-width: 211px) 100vw, 211px\" \/><figcaption><a href=\"https:\/\/serpaj.org.ar\/boletin-paz-y-justicia-america-latina-1973-1983\/\"><strong>Revista Paz y Justicia Argentina<\/strong><br><strong>(1983-1984)<\/strong><\/a><\/figcaption><\/figure><\/div>\n<\/div>\n\n\n\n<div class=\"wp-block-column is-layout-flow wp-block-column-is-layout-flow\">\n<div class=\"wp-block-image\"><figure class=\"aligncenter size-large is-resized\"><img loading=\"lazy\" decoding=\"async\" src=\"https:\/\/cdoc.serpaj.org.ar\/cdoc\/wp-content\/uploads\/2021\/03\/boletin1.png\" alt=\"\" class=\"wp-image-366\" width=\"203\" height=\"286\" srcset=\"https:\/\/cdoc.serpaj.org.ar\/cdoc\/wp-content\/uploads\/2021\/03\/boletin1.png 269w, https:\/\/cdoc.serpaj.org.ar\/cdoc\/wp-content\/uploads\/2021\/03\/boletin1-213x300.png 213w\" sizes=\"auto, (max-width: 203px) 100vw, 203px\" \/><figcaption><a href=\"https:\/\/serpaj.org.ar\/boletin-paz-y-justicia-america-latina-1973-1983\/\"><strong>Bolet\u00edn Paz y Justicia Am\u00e9rica Latina<\/strong><br><strong>(1973-1983)<\/strong><\/a><\/figcaption><\/figure><\/div>\n<\/div>\n<\/div>\n\n\n\n<p><\/p>\n\n\n\n<div class=\"wp-block-themeisle-blocks-advanced-columns alignfull has-2-columns has-desktop-equal-layout has-tablet-oneTwo-layout has-mobile-collapsedRows-layout has-default-gap has-vertical-unset\" id=\"wp-block-themeisle-blocks-advanced-columns-31d07b86\"><div class=\"wp-block-themeisle-blocks-advanced-columns-overlay\"><\/div><div class=\"innerblocks-wrap\">\n<div class=\"wp-block-themeisle-blocks-advanced-column\" id=\"wp-block-themeisle-blocks-advanced-column-5eb0afca\"><\/div>\n\n\n\n<div class=\"wp-block-themeisle-blocks-advanced-column\" id=\"wp-block-themeisle-blocks-advanced-column-940464bb\">\n<h2 id=\"wp-block-themeisle-blocks-advanced-heading-2ab26c8e\" class=\"wp-block-themeisle-blocks-advanced-heading wp-block-themeisle-blocks-advanced-heading-2ab26c8e\">NOTICIAS<\/h2>\n\n\n\n<hr class=\"wp-block-separator has-text-color has-background is-style-wide\" style=\"background-color:#e5e5e5;color:#e5e5e5\"\/>\n\n\n<ul class=\"wp-block-latest-posts__list is-grid columns-3 wp-block-latest-posts\"><li><div class=\"wp-block-latest-posts__featured-image\"><img loading=\"lazy\" decoding=\"async\" width=\"150\" height=\"150\" src=\"https:\/\/cdoc.serpaj.org.ar\/cdoc\/wp-content\/uploads\/2021\/11\/indice2-150x150.jpg\" class=\"attachment-thumbnail size-thumbnail wp-post-image\" alt=\"\" style=\"\" srcset=\"https:\/\/cdoc.serpaj.org.ar\/cdoc\/wp-content\/uploads\/2021\/11\/indice2-150x150.jpg 150w, https:\/\/cdoc.serpaj.org.ar\/cdoc\/wp-content\/uploads\/2021\/11\/indice2-300x300.jpg 300w, https:\/\/cdoc.serpaj.org.ar\/cdoc\/wp-content\/uploads\/2021\/11\/indice2-1024x1024.jpg 1024w, https:\/\/cdoc.serpaj.org.ar\/cdoc\/wp-content\/uploads\/2021\/11\/indice2-768x768.jpg 768w, https:\/\/cdoc.serpaj.org.ar\/cdoc\/wp-content\/uploads\/2021\/11\/indice2.jpg 1280w\" sizes=\"auto, (max-width: 150px) 100vw, 150px\" \/><\/div><a class=\"wp-block-latest-posts__post-title\" href=\"https:\/\/cdoc.serpaj.org.ar\/cdoc\/?p=661\">Visit\u00f3 la Casa de los Premios Nobel la Embajadora de M\u00e9xico<\/a><div class=\"wp-block-latest-posts__post-excerpt\">El jueves 28 de Octubre recibimos la visita a la Casa de los Premios Nobel de Am\u00e9rica Latina, y la que fue la primer Casa del Serpaj, de la Embajadora de M\u00e9xico en nuestro pa\u00eds, Lilia Eugenia Rossbach Su\u00e1rez. Su visita tuvo como objetivo hacerle entrega en mano a nuestro Premio Nobel de la Paz,&hellip;&nbsp;<a href=\"https:\/\/cdoc.serpaj.org.ar\/cdoc\/?p=661\" class=\"\" rel=\"bookmark\">Leer m\u00e1s &raquo;<span class=\"screen-reader-text\">Visit\u00f3 la Casa de los Premios Nobel la Embajadora de M\u00e9xico<\/span><\/a><\/div><\/li>\n<li><div class=\"wp-block-latest-posts__featured-image\"><img loading=\"lazy\" decoding=\"async\" width=\"150\" height=\"150\" src=\"https:\/\/cdoc.serpaj.org.ar\/cdoc\/wp-content\/uploads\/2021\/10\/Noviolencia-150x150.jpg\" class=\"attachment-thumbnail size-thumbnail wp-post-image\" alt=\"\" style=\"\" \/><\/div><a class=\"wp-block-latest-posts__post-title\" href=\"https:\/\/cdoc.serpaj.org.ar\/cdoc\/?p=647\">CONVERSANDO CON EL NOBEL DE LA PAZ<\/a><div class=\"wp-block-latest-posts__post-excerpt\">\u00bfQu\u00e9 entendemos por Noviolencia? S\u00e1bado 9 de Octubre, 11hs.<\/div><\/li>\n<li><div class=\"wp-block-latest-posts__featured-image\"><img loading=\"lazy\" decoding=\"async\" width=\"150\" height=\"150\" src=\"https:\/\/cdoc.serpaj.org.ar\/cdoc\/wp-content\/uploads\/2021\/09\/Curso-Interculturalidad_n-150x150.jpg\" class=\"attachment-thumbnail size-thumbnail wp-post-image\" alt=\"\" style=\"\" \/><\/div><a class=\"wp-block-latest-posts__post-title\" href=\"https:\/\/cdoc.serpaj.org.ar\/cdoc\/?p=637\">CURSO INTERCULTURALIDAD, DDHH Y POL\u00cdTICAS P\u00daBLICAS<\/a><div class=\"wp-block-latest-posts__post-excerpt\">Curso modalidad virtual, abierta la inscripci\u00f3n<\/div><\/li>\n<\/ul><\/div>\n<\/div><\/div>\n\n\n\n<div class=\"wp-block-columns is-layout-flex wp-container-core-columns-is-layout-9d6595d7 wp-block-columns-is-layout-flex\"><\/div>\n","protected":false},"excerpt":{"rendered":"<p>REVISTAS SERPAJ<\/p>\n","protected":false},"author":1,"featured_media":0,"parent":0,"menu_order":0,"comment_status":"closed","ping_status":"closed","template":"page-templates\/template-pagebuilder-full-width.php","meta":{"neve_meta_sidebar":"full-width","neve_meta_container":"contained","neve_meta_enable_content_width":"on","neve_meta_content_width":100,"neve_meta_title_alignment":"","neve_meta_author_avatar":"","neve_post_elements_order":"","neve_meta_disable_header":"","neve_meta_disable_footer":"","neve_meta_disable_title":"on","_themeisle_gutenberg_block_has_review":false,"_ti_tpc_template_sync":false,"_ti_tpc_template_id":"6l4bhddo3eoegs66r5y6","footnotes":""},"class_list":["post-206","page","type-page","status-publish","hentry"],"_links":{"self":[{"href":"https:\/\/cdoc.serpaj.org.ar\/cdoc\/index.php?rest_route=\/wp\/v2\/pages\/206","targetHints":{"allow":["GET"]}}],"collection":[{"href":"https:\/\/cdoc.serpaj.org.ar\/cdoc\/index.php?rest_route=\/wp\/v2\/pages"}],"about":[{"href":"https:\/\/cdoc.serpaj.org.ar\/cdoc\/index.php?rest_route=\/wp\/v2\/types\/page"}],"author":[{"embeddable":true,"href":"https:\/\/cdoc.serpaj.org.ar\/cdoc\/index.php?rest_route=\/wp\/v2\/users\/1"}],"replies":[{"embeddable":true,"href":"https:\/\/cdoc.serpaj.org.ar\/cdoc\/index.php?rest_route=%2Fwp%2Fv2%2Fcomments&post=206"}],"version-history":[{"count":54,"href":"https:\/\/cdoc.serpaj.org.ar\/cdoc\/index.php?rest_route=\/wp\/v2\/pages\/206\/revisions"}],"predecessor-version":[{"id":619,"href":"https:\/\/cdoc.serpaj.org.ar\/cdoc\/index.php?rest_route=\/wp\/v2\/pages\/206\/revisions\/619"}],"wp:attachment":[{"href":"https:\/\/cdoc.serpaj.org.ar\/cdoc\/index.php?rest_route=%2Fwp%2Fv2%2Fmedia&parent=206"}],"curies":[{"name":"wp","href":"https:\/\/api.w.org\/{rel}","templated":true}]}}