{"id":2,"date":"2021-01-26T21:04:31","date_gmt":"2021-01-26T21:04:31","guid":{"rendered":"https:\/\/cdoc.serpaj.org.ar\/cdoc\/?page_id=2"},"modified":"2021-04-13T20:02:07","modified_gmt":"2021-04-13T20:02:07","slug":"sample-page","status":"publish","type":"page","link":"https:\/\/cdoc.serpaj.org.ar\/cdoc\/?page_id=2","title":{"rendered":"Nos presentamos"},"content":{"rendered":"\n<p>El Centro de Documentaci\u00f3n del Servicio Paz y Justicia (CEDOC) realiza un aporte documental especializado en Derechos Humanos desde una concepci\u00f3n integral de los derechos individuales y colectivos y derechos de los pueblos, recopilados a lo largo de los a\u00f1os de existencia del SERPAJ. Posee informaci\u00f3n y documentos relativos a las v\u00edctimas del terrorismo de Estado y distintos derechos vulnerados en Argentina y de Am\u00e9rica Latina.\u00a0Sobre temas relevantes a la situaci\u00f3n social y econ\u00f3mica nacional e internacional, como as\u00ed tambi\u00e9n documentos sobre educaci\u00f3n para la paz y la no violencia, infancia, salud, pueblos originarios, deuda externa, xenofobia, racismo y discriminaci\u00f3n. Tambi\u00e9n cuenta con una videoteca y una colecci\u00f3n de afiches y el fondo documental del<strong> Premio Nobel de la Paz, Adolfo P\u00e9rez Esquivel<\/strong> En colaboraci\u00f3n permanente con otras organizaciones,\u00a0damos visibilidad a las denuncias de violaciones recibidas tanto en SERPAJ como en movimientos sociales en general, a trav\u00e9s de comunicados de prensa, cartas, discursos, art\u00edculos, edici\u00f3n de revistas, boletines, videos. As\u00ed como tambi\u00e9n recibimos diversas publicaciones que aportan bibliograf\u00eda a los diferentes proyectos de la fundaci\u00f3n.\u00a0\u00a0<\/p>\n\n\n\n<div class=\"wp-block-image\"><figure class=\"alignleft size-large is-resized\"><img loading=\"lazy\" decoding=\"async\" src=\"https:\/\/cdoc.serpaj.org.ar\/cdoc\/wp-content\/uploads\/2021\/03\/WhatsApp-Image-2021-03-25-at-16.26.201-1024x768.jpeg\" alt=\"\" class=\"wp-image-374\" width=\"307\" height=\"230\" srcset=\"https:\/\/cdoc.serpaj.org.ar\/cdoc\/wp-content\/uploads\/2021\/03\/WhatsApp-Image-2021-03-25-at-16.26.201-1024x768.jpeg 1024w, https:\/\/cdoc.serpaj.org.ar\/cdoc\/wp-content\/uploads\/2021\/03\/WhatsApp-Image-2021-03-25-at-16.26.201-300x225.jpeg 300w, https:\/\/cdoc.serpaj.org.ar\/cdoc\/wp-content\/uploads\/2021\/03\/WhatsApp-Image-2021-03-25-at-16.26.201-768x576.jpeg 768w, https:\/\/cdoc.serpaj.org.ar\/cdoc\/wp-content\/uploads\/2021\/03\/WhatsApp-Image-2021-03-25-at-16.26.201.jpeg 1280w\" sizes=\"auto, (max-width: 307px) 100vw, 307px\" \/><\/figure><\/div>\n\n\n\n<p>En este sentido, el CDOC ha cumplido un servicio de relevancia para la investigaci\u00f3n llevada a cabo por la CONADI (Comisi\u00f3n Nacional para el Derecho a la Identidad) a trav\u00e9s de la documentalizaci\u00f3n de denuncias de familiares y v\u00edctimas directas de desaparecidos realizadas y recuperadas en el SERPAJ durante la \u00faltima dictadura militar con el fin de fortalecer la investigaci\u00f3n por del robo de beb\u00e9s.<br>Por su contenido, nuestro archivo tambi\u00e9n ha logrado ser de gran utilidad para investigadores y estudiantes, tanto nacionales como extranjeros, en la producci\u00f3n de tesis universitarias, libros acad\u00e9micos, informes, documentales, etc. Tal es el caso de los estudiantes de la \u201cC\u00e1tedra de Cultura para la Paz\u201d de la Facultad de Ciencias Sociales de la UBA cuyo titular es Adolfo P\u00e9rez Esquivel.<\/p>\n\n\n\n<div class=\"wp-block-image\"><figure class=\"alignright size-large is-resized\"><img loading=\"lazy\" decoding=\"async\" src=\"https:\/\/cdoc.serpaj.org.ar\/cdoc\/wp-content\/uploads\/2021\/03\/WhatsApp-Image-2021-03-25-at-16.26.20-768x1024.jpeg\" alt=\"\" class=\"wp-image-376\" width=\"258\" height=\"344\" srcset=\"https:\/\/cdoc.serpaj.org.ar\/cdoc\/wp-content\/uploads\/2021\/03\/WhatsApp-Image-2021-03-25-at-16.26.20-768x1024.jpeg 768w, https:\/\/cdoc.serpaj.org.ar\/cdoc\/wp-content\/uploads\/2021\/03\/WhatsApp-Image-2021-03-25-at-16.26.20-225x300.jpeg 225w, https:\/\/cdoc.serpaj.org.ar\/cdoc\/wp-content\/uploads\/2021\/03\/WhatsApp-Image-2021-03-25-at-16.26.20.jpeg 960w\" sizes=\"auto, (max-width: 258px) 100vw, 258px\" \/><\/figure><\/div>\n\n\n\n<p><br>La base documental sobre la vida y obra del Premio Nobel de la Paz y presidente de la fundaci\u00f3n, Adolfo P\u00e9rez Esquivel, incluye material biogr\u00e1fico, pol\u00edtico e incluso art\u00edstico, en soporte audiovisual, texto, fotograf\u00eda y digital.<br>Estamos abiertos al p\u00fablico con atenci\u00f3n los d\u00edas lunes de 14hs. a 18hs y mi\u00e9rcoles de 10hs. a 14hs. Contamos con un servicio de consultas especializadas y con un sala de lectura para quienes deseen acercarse personalmente. Tambi\u00e9n se pueden realizar consultas a trav\u00e9s de nuestro correo electr\u00f3nico institucional (<a href=\"mailto:cdoc@serpaj.org.ar\">cdoc@serpaj.org.ar<\/a>) o buscar algunos de nuestros documentos en l\u00ednea en el cat\u00e1logo compartido de Memoria Abierta (<a rel=\"noreferrer noopener\" href=\"http:\/\/www.memoriaabierta.org.ar\/bases\/opac\/Registros\/serpaj\/index.html\" target=\"_blank\">Cat\u00e1logo online del CDOC<\/a>). Otros sitios de atenci\u00f3n&nbsp;de consultas, el Centro de Documentaci\u00f3n <em>Pablo Marcelo C\u00f3rdoba<\/em> de la zonal norte (San Miguel) y Centro del SERPAJ (Prov. de C\u00f3rdoba)<br>En el a\u00f1o2007 fue declarado Memoria del Mundo por la UNESCO.<br>Responsable del Centro de Documentaci\u00f3n del Serpaj: <strong><em>Sra. Gladys Jarazo.&nbsp;<\/em><\/strong><\/p>\n","protected":false},"excerpt":{"rendered":"<p>El Centro de Documentaci\u00f3n del Servicio Paz y Justicia (CEDOC) realiza un aporte documental especializado en Derechos Humanos desde una concepci\u00f3n integral de los derechos individuales y colectivos y derechos de los pueblos, recopilados a lo largo de los a\u00f1os de existencia del SERPAJ. Posee informaci\u00f3n y documentos relativos a las v\u00edctimas del terrorismo de&hellip;&nbsp;<a href=\"https:\/\/cdoc.serpaj.org.ar\/cdoc\/?page_id=2\" class=\"\" rel=\"bookmark\">Leer m\u00e1s &raquo;<span class=\"screen-reader-text\">Nos presentamos<\/span><\/a><\/p>\n","protected":false},"author":1,"featured_media":0,"parent":0,"menu_order":0,"comment_status":"closed","ping_status":"closed","template":"","meta":{"neve_meta_sidebar":"default","neve_meta_container":"contained","neve_meta_enable_content_width":"","neve_meta_content_width":0,"neve_meta_title_alignment":"","neve_meta_author_avatar":"","neve_post_elements_order":"","neve_meta_disable_header":"off","neve_meta_disable_footer":"","neve_meta_disable_title":"","_themeisle_gutenberg_block_has_review":false,"_ti_tpc_template_sync":false,"_ti_tpc_template_id":"","footnotes":""},"class_list":["post-2","page","type-page","status-publish","hentry"],"_links":{"self":[{"href":"https:\/\/cdoc.serpaj.org.ar\/cdoc\/index.php?rest_route=\/wp\/v2\/pages\/2","targetHints":{"allow":["GET"]}}],"collection":[{"href":"https:\/\/cdoc.serpaj.org.ar\/cdoc\/index.php?rest_route=\/wp\/v2\/pages"}],"about":[{"href":"https:\/\/cdoc.serpaj.org.ar\/cdoc\/index.php?rest_route=\/wp\/v2\/types\/page"}],"author":[{"embeddable":true,"href":"https:\/\/cdoc.serpaj.org.ar\/cdoc\/index.php?rest_route=\/wp\/v2\/users\/1"}],"replies":[{"embeddable":true,"href":"https:\/\/cdoc.serpaj.org.ar\/cdoc\/index.php?rest_route=%2Fwp%2Fv2%2Fcomments&post=2"}],"version-history":[{"count":8,"href":"https:\/\/cdoc.serpaj.org.ar\/cdoc\/index.php?rest_route=\/wp\/v2\/pages\/2\/revisions"}],"predecessor-version":[{"id":523,"href":"https:\/\/cdoc.serpaj.org.ar\/cdoc\/index.php?rest_route=\/wp\/v2\/pages\/2\/revisions\/523"}],"wp:attachment":[{"href":"https:\/\/cdoc.serpaj.org.ar\/cdoc\/index.php?rest_route=%2Fwp%2Fv2%2Fmedia&parent=2"}],"curies":[{"name":"wp","href":"https:\/\/api.w.org\/{rel}","templated":true}]}}